{"id":1980,"date":"2025-05-27T09:49:34","date_gmt":"2025-05-27T07:49:34","guid":{"rendered":"https:\/\/insurancetodayandtomorrow.de\/?page_id=1980"},"modified":"2025-10-15T10:31:36","modified_gmt":"2025-10-15T08:31:36","slug":"experteninnen-2025","status":"publish","type":"page","link":"https:\/\/insurancetodayandtomorrow.de\/?page_id=1980","title":{"rendered":"ExpertenInnen 2025"},"content":{"rendered":"<div style=\"max-width: 1000px; margin: 0 auto;\">\n<h3>Moderation:<\/h3>\n<div style=\"display: flex; flex-wrap: wrap; gap: 1rem;\">\n<div class=\"card\" style=\"width: 220px;\">\n<p align=\"center\"><img decoding=\"async\" style=\"width: 130px; height: auto; border-radius: 50px;\" src=\"https:\/\/insurancetodayandtomorrow.de\/wp-content\/uploads\/2023\/03\/Schradin-Heinrich-Prof-Dr.jpg\" alt=\"\" \/><\/p>\n<h3 align=\"center\">Prof. Dr. Heinrich R. Schradin<\/h3>\n<p align=\"center\">Direktor, Institut f\u00fcr Versicherungswissenschaft, Universit\u00e4t zu K\u00f6ln<\/p>\n<\/div>\n<div class=\"card\" style=\"width: 220px;\">\n<p align=\"center\"><img decoding=\"async\" style=\"width: 130px; height: auto; border-radius: 50px;\" src=\"https:\/\/insurancetodayandtomorrow.de\/wp-content\/uploads\/2024\/07\/Brenner-Walter-Prof.-Dr.jpg\" alt=\"\" \/><\/p>\n<h3 align=\"center\">Prof. em. Dr. Walter Brenner<\/h3>\n<p align=\"center\">Institut f\u00fcr Wirtschaftsinformatik, Universit\u00e4t St. Gallen<\/p>\n<\/div>\n<\/div>\n<h3>Keynotes:<\/h3>\n<div style=\"display: flex; flex-wrap: wrap; gap: 1rem;\">\n<div class=\"card\" style=\"width: 220px;\">\n<p align=\"center\"><img decoding=\"async\" style=\"width: 130px; height: auto; border-radius: 50px;\" src=\"https:\/\/insurancetodayandtomorrow.de\/wp-content\/uploads\/2020\/07\/Rollinger-Norbert-Dr.jpg\" alt=\"\" \/><\/p>\n<h3 align=\"center\">Dr. Norbert Rollinger<\/h3>\n<p align=\"center\">Vorstandsvors., R+V Versicherung AG; Pr\u00e4sident, GDV<\/p>\n<\/div>\n<div class=\"card\" style=\"width: 220px;\">\n<p align=\"center\"><img decoding=\"async\" style=\"width: 130px; height: auto; border-radius: 50px;\" src=\"https:\/\/insurancetodayandtomorrow.de\/wp-content\/uploads\/2023\/03\/Heitmann-Klaus-Juergen.jpg\" alt=\"\" \/><\/p>\n<h3 align=\"center\">Klaus-J\u00fcrgen Heitmann<\/h3>\n<p align=\"center\">Vorstandssprecher, HUK-Coburg<\/p>\n<\/div>\n<\/div>\n<h3>Ihre ExpertenInnen:<\/h3>\n<div style=\"display: flex; flex-wrap: wrap; gap: 1rem;\"><!-- Hier beginnt die Liste der Experten-Karten --><\/p>\n<div class=\"card\" style=\"width: 220px;\">\n<p align=\"center\"><img decoding=\"async\" style=\"width: 130px; height: auto; border-radius: 50px;\" src=\"https:\/\/insurancetodayandtomorrow.de\/wp-content\/uploads\/2025\/05\/Beck-Maximilian.jpg\" alt=\"\" \/><\/p>\n<h3 align=\"center\">Maximilian Beck<\/h3>\n<p align=\"center\">Vorstandsvors., IDEAL Lebensversicherung a.G.<\/p>\n<\/div>\n<div class=\"card\" style=\"width: 220px;\">\n<p align=\"center\"><img decoding=\"async\" style=\"width: 130px; height: auto; border-radius: 50px;\" src=\"https:\/\/insurancetodayandtomorrow.de\/wp-content\/uploads\/2025\/06\/Dedja-Elda.jpg\" alt=\"\" \/><\/p>\n<h3 align=\"center\">Elda Dedja<\/h3>\n<p align=\"center\">Chief Technology and Operations Officer, collect.AI GmbH<\/p>\n<\/div>\n<div class=\"card\" style=\"width: 220px;\">\n<p align=\"center\"><img decoding=\"async\" style=\"width: 130px; height: auto; border-radius: 50px;\" src=\"https:\/\/insurancetodayandtomorrow.de\/wp-content\/uploads\/2025\/06\/Ehret-Raphael.jpg\" alt=\"\" \/><\/p>\n<h3 align=\"center\">Raphael Ehret<\/h3>\n<p align=\"center\">CEO &amp; CFO, collect.AI GmbH<\/p>\n<\/div>\n<div class=\"card\" style=\"width: 220px;\">\n<p align=\"center\"><img decoding=\"async\" style=\"width: 130px; height: auto; border-radius: 50px;\" src=\"https:\/\/insurancetodayandtomorrow.de\/wp-content\/uploads\/2023\/03\/Frank-Olaf-Dr..jpg\" alt=\"\" \/><\/p>\n<h3 align=\"center\">Dr. Olaf Frank<\/h3>\n<p align=\"center\">Direktor IT, Munich Re<\/p>\n<\/div>\n<div class=\"card\" style=\"width: 220px;\">\n<p align=\"center\"><img decoding=\"async\" style=\"width: 130px; height: auto; border-radius: 50px;\" src=\"https:\/\/insurancetodayandtomorrow.de\/wp-content\/uploads\/2025\/03\/Grabmaier-Sebastian.jpg\" alt=\"\" \/><\/p>\n<h3 align=\"center\">Dr. Sebastian Grabmaier<\/h3>\n<p align=\"center\">CEO, JDC Group AG<\/p>\n<\/div>\n<div class=\"card\" style=\"width: 220px;\">\n<p align=\"center\"><img decoding=\"async\" style=\"width: 130px; height: auto; border-radius: 50px;\" src=\"https:\/\/insurancetodayandtomorrow.de\/wp-content\/uploads\/2025\/08\/Gronert-Dirk.jpg\" alt=\"\" \/><\/p>\n<h3 align=\"center\">Dirk Gronert<\/h3>\n<p align=\"center\">Vorstandsmitglied, CONCORDIA Vers.<\/p>\n<\/div>\n<div class=\"card\" style=\"width: 220px;\">\n<p align=\"center\"><img decoding=\"async\" style=\"width: 130px; height: auto; border-radius: 50px;\" src=\"https:\/\/insurancetodayandtomorrow.de\/wp-content\/uploads\/2025\/10\/Heinz-Alexandra.jpg\" alt=\"\" \/><\/p>\n<h3 align=\"center\">Alexandra Heinz<\/h3>\n<p align=\"center\">CX Managerin, Generali Deutschland AG<\/p>\n<\/div>\n<div class=\"card\" style=\"width: 220px;\">\n<p align=\"center\"><img decoding=\"async\" style=\"width: 130px; height: auto; border-radius: 50px;\" src=\"https:\/\/insurancetodayandtomorrow.de\/wp-content\/uploads\/2025\/03\/Hielkema-Petra.jpg\" alt=\"\" \/><\/p>\n<h3 align=\"center\">Petra Hielkema<\/h3>\n<p align=\"center\">Chairperson, EIOPA<\/p>\n<\/div>\n<div class=\"card\" style=\"width: 220px;\">\n<p align=\"center\"><img decoding=\"async\" style=\"width: 130px; height: auto; border-radius: 50px;\" src=\"https:\/\/insurancetodayandtomorrow.de\/wp-content\/uploads\/2025\/08\/Krol-Jakub.jpg\" alt=\"\" \/><\/p>\n<h3 align=\"center\">Jakub Kr\u00f3l<\/h3>\n<p align=\"center\">CTO, Baloise Solution Hub<\/p>\n<\/div>\n<div class=\"card\" style=\"width: 220px;\">\n<p align=\"center\"><img decoding=\"async\" style=\"width: 130px; height: auto; border-radius: 50px;\" src=\"https:\/\/insurancetodayandtomorrow.de\/wp-content\/uploads\/2025\/03\/Leyh-Klaus-Guenther.jpg\" alt=\"\" \/><\/p>\n<h3 align=\"center\">Klaus G\u00fcnther Leyh<\/h3>\n<p align=\"center\">Vorstandsmgl., Versicherungskammer Bayern<\/p>\n<\/div>\n<div class=\"card\" style=\"width: 220px;\">\n<p align=\"center\"><img decoding=\"async\" style=\"width: 130px; height: auto; border-radius: 50px;\" src=\"https:\/\/insurancetodayandtomorrow.de\/wp-content\/uploads\/2024\/05\/Littig-Michael_02.jpg\" alt=\"\" \/><\/p>\n<h3 align=\"center\">Michael Littig<\/h3>\n<p align=\"center\">Vorstand, teckpro AG<\/p>\n<\/div>\n<div class=\"card\" style=\"width: 220px;\">\n<p align=\"center\"><img decoding=\"async\" style=\"width: 130px; height: auto; border-radius: 50px;\" src=\"https:\/\/insurancetodayandtomorrow.de\/wp-content\/uploads\/2023\/06\/Mayer-Dr.-Marcus.jpg\" alt=\"\" \/><\/p>\n<h3 align=\"center\">Dr. Marcus Mayer<\/h3>\n<p align=\"center\">Senior Vice President, UBIMET Gruppe<\/p>\n<\/div>\n<div class=\"card\" style=\"width: 220px;\">\n<p align=\"center\"><img decoding=\"async\" style=\"width: 130px; height: auto; border-radius: 50px;\" src=\"https:\/\/insurancetodayandtomorrow.de\/wp-content\/uploads\/2025\/03\/Meurer-Christoph.jpg\" alt=\"\" \/><\/p>\n<h3 align=\"center\">Christoph Meurer<\/h3>\n<p align=\"center\">Vorstandsmgl., Itzehoer<\/p>\n<\/div>\n<div class=\"card\" style=\"width: 220px;\">\n<p align=\"center\"><img decoding=\"async\" style=\"width: 130px; height: auto; border-radius: 50px;\" src=\"https:\/\/insurancetodayandtomorrow.de\/wp-content\/uploads\/2025\/10\/Pfeiffer-Marc-Dr.jpg\" alt=\"\" \/><\/p>\n<h3 align=\"center\">Dr. Marc Pfeiffer<\/h3>\n<p align=\"center\">Leiter EMEA FSI Industry Advisor Team, Microsoft Deutschland GmbH<\/p>\n<\/div>\n<div class=\"card\" style=\"width: 220px;\">\n<p align=\"center\"><img decoding=\"async\" style=\"width: 130px; height: auto; border-radius: 50px;\" src=\"https:\/\/insurancetodayandtomorrow.de\/wp-content\/uploads\/2025\/06\/Rothaufe-Uli.jpg\" alt=\"\" \/><\/p>\n<h3 align=\"center\">Uli Rothaufe<\/h3>\n<p align=\"center\">Chief Insurance Officer Life and Health, Mgl. d. Vors., Generali Deutschland<\/p>\n<\/div>\n<div class=\"card\" style=\"width: 220px;\">\n<p align=\"center\"><img decoding=\"async\" style=\"width: 130px; height: auto; border-radius: 50px;\" src=\"https:\/\/insurancetodayandtomorrow.de\/wp-content\/uploads\/2024\/04\/Roecker-Mathias-1.jpg\" alt=\"\" \/><\/p>\n<h3 align=\"center\">Mathias R\u00f6cker<\/h3>\n<p align=\"center\">WP, StB &amp; Insurance Leader; PricewaterhouseCoopers GmbH Wirtschaftspr\u00fcfungsgesellschaft<\/p>\n<\/div>\n<div class=\"card\" style=\"width: 220px;\">\n<p align=\"center\"><img decoding=\"async\" style=\"width: 130px; height: auto; border-radius: 50px;\" src=\"https:\/\/insurancetodayandtomorrow.de\/wp-content\/uploads\/2025\/06\/Rudelbach-Carolin.jpg\" alt=\"\" \/><\/p>\n<h3 align=\"center\">Carolin Rudelbach<\/h3>\n<p align=\"center\">COO, Allianz Beratungs- und Vertrieb AG<\/p>\n<\/div>\n<div class=\"card\" style=\"width: 220px;\">\n<p align=\"center\"><img decoding=\"async\" style=\"width: 130px; height: auto; border-radius: 50px;\" src=\"https:\/\/insurancetodayandtomorrow.de\/wp-content\/uploads\/2025\/05\/Sallmann-Florian-Dr.jpg\" alt=\"\" \/><\/p>\n<h3 align=\"center\">Dr. Florian Sallmann<\/h3>\n<p align=\"center\">Vorstandsvors., InterRisk Versicherungs-AG<\/p>\n<\/div>\n<div class=\"card\" style=\"width: 220px;\">\n<p align=\"center\"><img decoding=\"async\" style=\"width: 130px; height: auto; border-radius: 50px;\" src=\"https:\/\/insurancetodayandtomorrow.de\/wp-content\/uploads\/2025\/06\/Schmidt-Alexander-Dr.png\" alt=\"\" \/><\/p>\n<h3 align=\"center\">Dr. Alexander Schmidt<\/h3>\n<p align=\"center\">Chief Underwriting Officer, Zurich Gruppe Deutschland<\/p>\n<\/div>\n<div class=\"card\" style=\"width: 220px;\">\n<p align=\"center\"><img decoding=\"async\" style=\"width: 130px; height: auto; border-radius: 50px;\" src=\"https:\/\/insurancetodayandtomorrow.de\/wp-content\/uploads\/2025\/08\/Schoenauer-Rene.jpg\" alt=\"\" \/><\/p>\n<h3 align=\"center\">Ren\u00e9 Schoenauer<\/h3>\n<p align=\"center\">Director Product Marketing, Guidewire Software<\/p>\n<\/div>\n<div class=\"card\" style=\"width: 220px;\">\n<p align=\"center\"><img decoding=\"async\" style=\"width: 130px; height: auto; border-radius: 50px;\" src=\"https:\/\/insurancetodayandtomorrow.de\/wp-content\/uploads\/2025\/08\/Schroeter-Frank.jpg\" alt=\"\" \/><\/p>\n<h3 align=\"center\">Frank Schr\u00f6ter<\/h3>\n<p align=\"center\">Head of Business Development, Novum-RGI<\/p>\n<\/div>\n<div class=\"card\" style=\"width: 220px;\">\n<p align=\"center\"><img decoding=\"async\" style=\"width: 130px; height: auto; border-radius: 50px;\" src=\"https:\/\/insurancetodayandtomorrow.de\/wp-content\/uploads\/2025\/09\/Schwickert-Olaf.jpg\" alt=\"\" \/><\/p>\n<h3 align=\"center\">Olaf Schwickert<\/h3>\n<p align=\"center\">Abteilungsdirektor, Debeka Allgemeine Versicherung<\/p>\n<\/div>\n<div class=\"card\" style=\"width: 220px;\">\n<p align=\"center\"><img decoding=\"async\" style=\"width: 130px; height: auto; border-radius: 50px;\" src=\"https:\/\/insurancetodayandtomorrow.de\/wp-content\/uploads\/2025\/08\/Tocholski-Stephan.jpg\" alt=\"\" \/><\/p>\n<h3 align=\"center\">Stephan Tocholski<\/h3>\n<p align=\"center\">Hauptabteilungsltr. Personal und Betriebsorganisation, VOLKSWOHL BUND<\/p>\n<\/div>\n<div class=\"card\" style=\"width: 220px;\">\n<p align=\"center\"><img decoding=\"async\" style=\"width: 130px; height: auto; border-radius: 50px;\" src=\"https:\/\/insurancetodayandtomorrow.de\/wp-content\/uploads\/2025\/09\/Urlauber-Oliver-Neu.jpg\" alt=\"\" \/><\/p>\n<h3 align=\"center\">Oliver Urlauber<\/h3>\n<p align=\"center\">Sales Director DACH, Keylane Axon GmbH<\/p>\n<\/div>\n<div class=\"card\" style=\"width: 220px;\">\n<p align=\"center\"><img decoding=\"async\" style=\"width: 130px; height: auto; border-radius: 50px;\" src=\"https:\/\/insurancetodayandtomorrow.de\/wp-content\/uploads\/2025\/08\/Vogel-Rene.jpg\" alt=\"\" \/><\/p>\n<h3 align=\"center\">Ren\u00e9 Vogel<\/h3>\n<p align=\"center\">Business Unit Head Insurance Consulting, Fincon Reply GmbH<\/p>\n<\/div>\n<div class=\"card\" style=\"width: 220px;\">\n<p align=\"center\"><img decoding=\"async\" style=\"width: 130px; height: auto; border-radius: 50px;\" src=\"https:\/\/insurancetodayandtomorrow.de\/wp-content\/uploads\/2025\/05\/van-Aubel-Andrea-Dr.jpg\" alt=\"\" \/><\/p>\n<h3 align=\"center\">Dr. Andrea van Aubel<\/h3>\n<p align=\"center\">Vorst\u00e4ndin, msg systems ag<\/p>\n<\/div>\n<div class=\"card\" style=\"width: 220px;\">\n<p align=\"center\"><img decoding=\"async\" style=\"width: 130px; height: auto; border-radius: 50px;\" src=\"https:\/\/insurancetodayandtomorrow.de\/wp-content\/uploads\/2025\/03\/Warkentin-Jens.jpg\" alt=\"\" \/><\/p>\n<h3 align=\"center\">Jens Warkentin<\/h3>\n<p align=\"center\">CEO, HDI Deutschland; CIO u. Mgl. d. Vorstands, Talanx AG<\/p>\n<\/div>\n<div class=\"card\" style=\"width: 220px;\">\n<p align=\"center\"><img decoding=\"async\" style=\"width: 130px; height: auto; border-radius: 50px;\" src=\"https:\/\/insurancetodayandtomorrow.de\/wp-content\/uploads\/2025\/06\/Werding-Martin.jpg\" alt=\"\" \/><\/p>\n<h3 align=\"center\">Prof. Dr. Martin Werding<\/h3>\n<p align=\"center\">Ruhr-Universit\u00e4t Bochum, Mgl. d. Sachverst\u00e4ndigenrates d. Bundesregierung<\/p>\n<\/div>\n<div class=\"card\" style=\"width: 220px;\">\n<p align=\"center\"><img decoding=\"async\" style=\"width: 130px; height: auto; border-radius: 50px;\" src=\"https:\/\/insurancetodayandtomorrow.de\/wp-content\/uploads\/2025\/05\/Wibbe-Oliver.jpg\" alt=\"\" \/><\/p>\n<h3 align=\"center\">Oliver Wibbe<\/h3>\n<p align=\"center\">Gesch\u00e4ftsf., SPS Germany GmbH<\/p>\n<\/div>\n<div class=\"card\" style=\"width: 220px;\">\n<p align=\"center\"><img decoding=\"async\" style=\"width: 130px; height: auto; border-radius: 50px;\" src=\"https:\/\/insurancetodayandtomorrow.de\/wp-content\/uploads\/2025\/08\/Zettl-Christian.jpg\" alt=\"\" \/><\/p>\n<h3 align=\"center\">Christian Zettl<\/h3>\n<p align=\"center\">Vorstandsdirektor, W\u00fcstenrot Versicherungs-AG<\/p>\n<\/div>\n<div class=\"card\" style=\"width: 220px;\">\n<p align=\"center\"><img decoding=\"async\" style=\"width: 130px; height: auto; border-radius: 50px;\" src=\"https:\/\/insurancetodayandtomorrow.de\/wp-content\/uploads\/2019\/01\/Unbenannt.png\" alt=\"\" \/><\/p>\n<h3 align=\"center\">u.v.a.<\/h3>\n<\/div>\n<\/div>\n<\/div>\n","protected":false},"excerpt":{"rendered":"<p>Moderation: Prof. Dr. Heinrich R. Schradin Direktor, Institut f\u00fcr Versicherungswissenschaft, Universit\u00e4t zu K\u00f6ln Prof. em. Dr. Walter Brenner Institut f\u00fcr Wirtschaftsinformatik, Universit\u00e4t St. Gallen Keynotes: Dr. Norbert Rollinger Vorstandsvors., R+V Versicherung AG; Pr\u00e4sident, GDV Klaus-J\u00fcrgen Heitmann Vorstandssprecher, HUK-Coburg Ihre ExpertenInnen: Maximilian Beck Vorstandsvors., IDEAL Lebensversicherung a.G. Elda Dedja Chief Technology and Operations Officer, collect.AI GmbH [&hellip;]<\/p>\n","protected":false},"author":2,"featured_media":0,"parent":0,"menu_order":0,"comment_status":"closed","ping_status":"closed","template":"","meta":{"footnotes":""},"class_list":["post-1980","page","type-page","status-publish","hentry"],"_links":{"self":[{"href":"https:\/\/insurancetodayandtomorrow.de\/index.php?rest_route=\/wp\/v2\/pages\/1980","targetHints":{"allow":["GET"]}}],"collection":[{"href":"https:\/\/insurancetodayandtomorrow.de\/index.php?rest_route=\/wp\/v2\/pages"}],"about":[{"href":"https:\/\/insurancetodayandtomorrow.de\/index.php?rest_route=\/wp\/v2\/types\/page"}],"author":[{"embeddable":true,"href":"https:\/\/insurancetodayandtomorrow.de\/index.php?rest_route=\/wp\/v2\/users\/2"}],"replies":[{"embeddable":true,"href":"https:\/\/insurancetodayandtomorrow.de\/index.php?rest_route=%2Fwp%2Fv2%2Fcomments&post=1980"}],"version-history":[{"count":18,"href":"https:\/\/insurancetodayandtomorrow.de\/index.php?rest_route=\/wp\/v2\/pages\/1980\/revisions"}],"predecessor-version":[{"id":2138,"href":"https:\/\/insurancetodayandtomorrow.de\/index.php?rest_route=\/wp\/v2\/pages\/1980\/revisions\/2138"}],"wp:attachment":[{"href":"https:\/\/insurancetodayandtomorrow.de\/index.php?rest_route=%2Fwp%2Fv2%2Fmedia&parent=1980"}],"curies":[{"name":"wp","href":"https:\/\/api.w.org\/{rel}","templated":true}]}}