{"id":2158,"date":"2026-03-11T09:18:46","date_gmt":"2026-03-11T08:18:46","guid":{"rendered":"https:\/\/insurancetodayandtomorrow.de\/?page_id=2158"},"modified":"2026-04-21T12:55:59","modified_gmt":"2026-04-21T10:55:59","slug":"experteninnen-2026","status":"publish","type":"page","link":"https:\/\/insurancetodayandtomorrow.de\/?page_id=2158","title":{"rendered":"ExpertenInnen 2026"},"content":{"rendered":"<div style=\"max-width: 1000px; margin: 0 auto;\">\n<h3>Moderation:<\/h3>\n<div style=\"display: flex; flex-wrap: wrap; gap: 1rem;\">\n<div class=\"card\" style=\"width: 220px;\">\n<p align=\"center\"><img decoding=\"async\" style=\"width: 130px; height: auto; border-radius: 50px;\" src=\"https:\/\/insurancetodayandtomorrow.de\/wp-content\/uploads\/2023\/03\/Schradin-Heinrich-Prof-Dr.jpg\" alt=\"\" \/><\/p>\n<h3 align=\"center\">Prof. Dr. Heinrich R. Schradin<\/h3>\n<p align=\"center\">Direktor, Institut f\u00fcr Versicherungswissenschaft, Universit\u00e4t zu K\u00f6ln<\/p>\n<\/div>\n<div class=\"card\" style=\"width: 220px;\">\n<p align=\"center\"><img decoding=\"async\" style=\"width: 130px; height: auto; border-radius: 50px;\" src=\"https:\/\/insurancetodayandtomorrow.de\/wp-content\/uploads\/2026\/03\/Puchan-Joerg-Prof.-Dr.jpg\" alt=\"\" \/><\/p>\n<h3 align=\"center\">Prof. Dr. J\u00f6rg Puchan<\/h3>\n<p align=\"center\">Professor f\u00fcr Angewandte Informatik, Hochschule M\u00fcnchen<\/p>\n<\/div>\n<\/div>\n<h3>Keynotes:<\/h3>\n<div style=\"display: flex; flex-wrap: wrap; gap: 1rem;\">\n<div class=\"card\" style=\"width: 220px;\">\n<p align=\"center\"><img decoding=\"async\" style=\"width: 130px; height: auto; border-radius: 50px;\" src=\"https:\/\/insurancetodayandtomorrow.de\/wp-content\/uploads\/2026\/02\/Asmussen-Joerg.jpg\" alt=\"\" \/><\/p>\n<h3 align=\"center\">J\u00f6rg Asmussen<\/h3>\n<p align=\"center\">Hauptgesch\u00e4ftsf., Gesch\u00e4ftsf. Mgl. d. Pr\u00e4sidiums, GDV<\/p>\n<\/div>\n<div class=\"card\" style=\"width: 220px;\">\n<p align=\"center\"><img decoding=\"async\" style=\"width: 130px; height: auto; border-radius: 50px;\" src=\"https:\/\/insurancetodayandtomorrow.de\/wp-content\/uploads\/2026\/03\/Spiegel-Olav.jpg\" alt=\"\" \/><\/p>\n<h3 align=\"center\">Olav<br \/>\nSpiegel<\/h3>\n<p align=\"center\">CIO, Allianz Group<\/p>\n<\/div>\n<div class=\"card\" style=\"width: 220px;\">\n<p align=\"center\"><img decoding=\"async\" style=\"width: 130px; height: auto; border-radius: 50px;\" src=\"https:\/\/insurancetodayandtomorrow.de\/wp-content\/uploads\/2026\/02\/Warkentin-Jens.jpg\" alt=\"\" \/><\/p>\n<h3 align=\"center\">Jens<br \/>\nWarkentin<\/h3>\n<p align=\"center\">CEO, HDI Deutschland; CIO u. Mgl. d. Vorstands, Talanx AG<\/p>\n<\/div>\n<\/div>\n<h3>Ihre ExpertenInnen:<\/h3>\n<div style=\"display: flex; flex-wrap: wrap; gap: 1rem;\"><!-- Hier beginnt die Liste der Experten-Karten --><\/p>\n<div class=\"card\" style=\"width: 220px;\">\n<p align=\"center\"><img decoding=\"async\" style=\"width: 130px; height: auto; border-radius: 50px;\" src=\"https:\/\/insurancetodayandtomorrow.de\/wp-content\/uploads\/2026\/02\/Bader-Guido-Dr.jpg\" alt=\"\" \/><\/p>\n<h3 align=\"center\">Dr. Guido<br \/>\nBader<\/h3>\n<p align=\"center\">Vorstandsvors., Stuttgarter Versicherungs-Gruppe<\/p>\n<\/div>\n<div class=\"card\" style=\"width: 220px;\">\n<p align=\"center\"><img decoding=\"async\" style=\"width: 130px; height: auto; border-radius: 50px;\" src=\"https:\/\/insurancetodayandtomorrow.de\/wp-content\/uploads\/2026\/03\/Beck-Maximilian-2.jpg\" alt=\"\" \/><\/p>\n<h3 align=\"center\">Maximilian<br \/>\nBeck<\/h3>\n<p align=\"center\">Vorstandsvors., IDEAL LV a.G.<\/p>\n<\/div>\n<div class=\"card\" style=\"width: 220px;\">\n<p align=\"center\"><img decoding=\"async\" style=\"width: 130px; height: auto; border-radius: 50px;\" src=\"https:\/\/insurancetodayandtomorrow.de\/wp-content\/uploads\/2026\/02\/Boehm-Gerrit-Dr.jpg\" alt=\"\" \/><\/p>\n<h3 align=\"center\">Dr. Gerrit<br \/>\nB\u00f6hm<\/h3>\n<p align=\"center\">Vorstandsvors., Volkswohl Bund<\/p>\n<\/div>\n<div class=\"card\" style=\"width: 220px;\">\n<p align=\"center\"><img decoding=\"async\" style=\"width: 130px; height: auto; border-radius: 50px;\" src=\"https:\/\/insurancetodayandtomorrow.de\/wp-content\/uploads\/2026\/02\/Endres-Klaus-Dr.jpg\" alt=\"\" \/><\/p>\n<h3 align=\"center\">Dr. Klaus<br \/>\nEndres<\/h3>\n<p align=\"center\">Vorstand, R+V Allgemeine Versicherung AG<\/p>\n<\/div>\n<div class=\"card\" style=\"width: 220px;\">\n<p align=\"center\"><img decoding=\"async\" style=\"width: 130px; height: auto; border-radius: 50px;\" src=\"https:\/\/insurancetodayandtomorrow.de\/wp-content\/uploads\/2026\/04\/Frank-Olaf-Dr.jpg\" alt=\"\" \/><\/p>\n<h3 align=\"center\">Dr. Olaf<br \/>\nFrank<\/h3>\n<p align=\"center\">Direktor IT, Munich Re<\/p>\n<\/div>\n<div class=\"card\" style=\"width: 220px;\">\n<p align=\"center\"><img decoding=\"async\" style=\"width: 130px; height: auto; border-radius: 50px;\" src=\"https:\/\/insurancetodayandtomorrow.de\/wp-content\/uploads\/2026\/03\/Herwig-Sascha.jpg\" alt=\"\" \/><\/p>\n<h3 align=\"center\">Sascha<br \/>\nHerwig<\/h3>\n<p align=\"center\">Vorstandsmgl. CEO ADAC<\/p>\n<\/div>\n<div class=\"card\" style=\"width: 220px;\">\n<p align=\"center\"><img decoding=\"async\" style=\"width: 130px; height: auto; border-radius: 50px;\" src=\"https:\/\/insurancetodayandtomorrow.de\/wp-content\/uploads\/2026\/02\/Leyh-Klaus-Guenther.jpg\" alt=\"\" \/><\/p>\n<h3 align=\"center\">Klaus G\u00fcnther Leyh<\/h3>\n<p align=\"center\">Vorstandsmgl., Versicherungskammer Bayern<\/p>\n<\/div>\n<div class=\"card\" style=\"width: 220px;\">\n<p align=\"center\"><img decoding=\"async\" style=\"width: 130px; height: auto; border-radius: 50px;\" src=\"https:\/\/insurancetodayandtomorrow.de\/wp-content\/uploads\/2026\/02\/Littig-Michael_02.jpg\" alt=\"\" \/><\/p>\n<h3 align=\"center\">Michael<br \/>\nLittig<\/h3>\n<p align=\"center\">Vorstand, teckpro AG<\/p>\n<\/div>\n<div class=\"card\" style=\"width: 220px;\">\n<p align=\"center\"><img decoding=\"async\" style=\"width: 130px; height: auto; border-radius: 50px;\" src=\"https:\/\/insurancetodayandtomorrow.de\/wp-content\/uploads\/2026\/02\/Mayer-Dr.-Marcus.jpg\" alt=\"\" \/><\/p>\n<h3 align=\"center\">Dr. Marcus<br \/>\nMayer<\/h3>\n<p align=\"center\">Senior Vice President, UBIMET Gruppe<\/p>\n<\/div>\n<div class=\"card\" style=\"width: 220px;\">\n<p align=\"center\"><img decoding=\"async\" style=\"width: 130px; height: auto; border-radius: 50px;\" src=\"https:\/\/insurancetodayandtomorrow.de\/wp-content\/uploads\/2026\/03\/Mischo-Meike-Dr.jpg\" alt=\"\" \/><\/p>\n<h3 align=\"center\">Dr. Meike<br \/>\nMischo<\/h3>\n<p align=\"center\">Head of Digital Transformation Office, ERGO Group AG<\/p>\n<\/div>\n<div class=\"card\" style=\"width: 220px;\">\n<p align=\"center\"><img decoding=\"async\" style=\"width: 130px; height: auto; border-radius: 50px;\" src=\"https:\/\/insurancetodayandtomorrow.de\/wp-content\/uploads\/2026\/04\/Muehleder-Klaus-Dr.jpg\" alt=\"\" \/><\/p>\n<h3 align=\"center\">Dr. Klaus M\u00fchleder<\/h3>\n<p align=\"center\">Ltr. Opportunity Management, Vienna Insurance Group<\/p>\n<\/div>\n<div class=\"card\" style=\"width: 220px;\">\n<p align=\"center\"><img decoding=\"async\" style=\"width: 130px; height: auto; border-radius: 50px;\" src=\"https:\/\/insurancetodayandtomorrow.de\/wp-content\/uploads\/2026\/03\/Stuhldreier-Uwe-Dr.jpg\" alt=\"\" \/><\/p>\n<h3 align=\"center\">Dr. Uwe Stuhldreier<\/h3>\n<p align=\"center\">Member of the Board, Chief Officer Germany, Allianz Direct Versicherungs-AG<\/p>\n<\/div>\n<div class=\"card\" style=\"width: 220px;\">\n<p align=\"center\"><img decoding=\"async\" style=\"width: 130px; height: auto; border-radius: 50px;\" src=\"https:\/\/insurancetodayandtomorrow.de\/wp-content\/uploads\/2026\/02\/Utecht-Torsten-Dr.jpg\" alt=\"\" \/><\/p>\n<h3 align=\"center\">Dr. Torsten<br \/>\nUtecht<\/h3>\n<p align=\"center\">Vorstand, Zurich Gruppe Deutschland<\/p>\n<\/div>\n<div class=\"card\" style=\"width: 220px;\">\n<p align=\"center\"><img decoding=\"async\" style=\"width: 130px; height: auto; border-radius: 50px;\" src=\"https:\/\/insurancetodayandtomorrow.de\/wp-content\/uploads\/2026\/02\/Wieland-Jens.jpg\" alt=\"\" \/><\/p>\n<h3 align=\"center\">Jens<br \/>\nWieland<\/h3>\n<p align=\"center\">Vorstand IT, W\u00fcstenrot &amp; W\u00fcrttembergische AG<\/p>\n<\/div>\n<div class=\"card\" style=\"width: 220px;\">\n<p align=\"center\"><img decoding=\"async\" style=\"width: 130px; height: auto; border-radius: 50px;\" src=\"https:\/\/insurancetodayandtomorrow.de\/wp-content\/uploads\/2026\/02\/Wibbe-Oliver.jpg\" alt=\"\" \/><\/p>\n<h3 align=\"center\">Oliver<br \/>\nWibbe<\/h3>\n<p align=\"center\">Gesch\u00e4ftsf., SPS Germany GmbH<\/p>\n<\/div>\n<p>u.v.a.<\/p>\n<\/div>\n<\/div>\n","protected":false},"excerpt":{"rendered":"<p>Moderation: Prof. Dr. Heinrich R. Schradin Direktor, Institut f\u00fcr Versicherungswissenschaft, Universit\u00e4t zu K\u00f6ln Prof. Dr. J\u00f6rg Puchan Professor f\u00fcr Angewandte Informatik, Hochschule M\u00fcnchen Keynotes: J\u00f6rg Asmussen Hauptgesch\u00e4ftsf., Gesch\u00e4ftsf. Mgl. d. Pr\u00e4sidiums, GDV Olav Spiegel CIO, Allianz Group Jens Warkentin CEO, HDI Deutschland; CIO u. Mgl. d. Vorstands, Talanx AG Ihre ExpertenInnen: Dr. Guido Bader Vorstandsvors., [&hellip;]<\/p>\n","protected":false},"author":18,"featured_media":0,"parent":0,"menu_order":0,"comment_status":"closed","ping_status":"closed","template":"","meta":{"footnotes":""},"class_list":["post-2158","page","type-page","status-publish","hentry"],"_links":{"self":[{"href":"https:\/\/insurancetodayandtomorrow.de\/index.php?rest_route=\/wp\/v2\/pages\/2158","targetHints":{"allow":["GET"]}}],"collection":[{"href":"https:\/\/insurancetodayandtomorrow.de\/index.php?rest_route=\/wp\/v2\/pages"}],"about":[{"href":"https:\/\/insurancetodayandtomorrow.de\/index.php?rest_route=\/wp\/v2\/types\/page"}],"author":[{"embeddable":true,"href":"https:\/\/insurancetodayandtomorrow.de\/index.php?rest_route=\/wp\/v2\/users\/18"}],"replies":[{"embeddable":true,"href":"https:\/\/insurancetodayandtomorrow.de\/index.php?rest_route=%2Fwp%2Fv2%2Fcomments&post=2158"}],"version-history":[{"count":17,"href":"https:\/\/insurancetodayandtomorrow.de\/index.php?rest_route=\/wp\/v2\/pages\/2158\/revisions"}],"predecessor-version":[{"id":2240,"href":"https:\/\/insurancetodayandtomorrow.de\/index.php?rest_route=\/wp\/v2\/pages\/2158\/revisions\/2240"}],"wp:attachment":[{"href":"https:\/\/insurancetodayandtomorrow.de\/index.php?rest_route=%2Fwp%2Fv2%2Fmedia&parent=2158"}],"curies":[{"name":"wp","href":"https:\/\/api.w.org\/{rel}","templated":true}]}}